{"id":3900,"date":"2026-03-14T19:01:11","date_gmt":"2026-03-14T19:01:11","guid":{"rendered":"https:\/\/damianruiz.eu\/?page_id=3900"},"modified":"2026-03-14T19:05:13","modified_gmt":"2026-03-14T19:05:13","slug":"sobre-mi-damian-ruiz","status":"publish","type":"page","link":"https:\/\/damianruiz.eu\/ca\/sobre-mi-damian-ruiz\/","title":{"rendered":"Sobre mi"},"content":{"rendered":"<h2><span style=\"font-weight: 400;\">Dami\u00e1n Ruiz<\/span><\/h2>\n<p><span style=\"font-weight: 400;\"><img decoding=\"async\" class=\"alignnone wp-image-1927 size-medium\" src=\"https:\/\/damianruiz.eu\/wp-content\/uploads\/2024\/03\/damian-portada-300x159.jpg\" alt=\"\" width=\"300\" height=\"159\" srcset=\"https:\/\/damianruiz.eu\/wp-content\/uploads\/2024\/03\/damian-portada-300x159.jpg 300w, https:\/\/damianruiz.eu\/wp-content\/uploads\/2024\/03\/damian-portada-1024x542.jpg 1024w, https:\/\/damianruiz.eu\/wp-content\/uploads\/2024\/03\/damian-portada-768x407.jpg 768w, https:\/\/damianruiz.eu\/wp-content\/uploads\/2024\/03\/damian-portada-1536x814.jpg 1536w, https:\/\/damianruiz.eu\/wp-content\/uploads\/2024\/03\/damian-portada-2048x1085.jpg 2048w\" sizes=\"(max-width: 300px) 100vw, 300px\" \/><\/span><\/p>\n<p><span style=\"font-weight: 400;\">Vaig n\u00e9ixer a Barcelona (Catalunya-Espanya) en 1964.<\/span><\/p>\n<p><span style=\"font-weight: 400;\">S\u00f3c llicenciat en Psicologia i Postgrau en Avaluaci\u00f3 i diagn\u00f2stic psicol\u00f2gic en l&#8217;\u00e0mbit hospitalari i M\u00e0ster en Psicologia Anal\u00edtica per la Universitat Ram\u00f3n Llull de Barcelona.<\/span><\/p>\n<p><span style=\"font-weight: 400;\">Estic format com a Analista jungui\u00e0, s\u00f3c membre de l\u2019Institut Jung de Barcelona i de la IAAP (International Association of Analytical Psychology).<\/span><\/p>\n<p><span style=\"font-weight: 400;\">He estat professor associat de la facultat de Psicologia de la Universitat de Barcelona i s\u00f3c professor de postgraus o m\u00e0sters universitaris vinculats a la psicologia anal\u00edtica (junguiana).<\/span><\/p>\n<p><span style=\"font-weight: 400;\">Durant els trenta anys d&#8217;exercici de la meva pr\u00e0ctica terap\u00e8utica he tractat a centenars de pacients i he desenvolupat una metodologia pr\u00f2pia per al tractament dels trastorns obsessius que, fonamentalment, \u00e9s una integraci\u00f3 de la l\u00ednia junguiana, de principis te\u00f2rics basats en l&#8217;etologia, especialment de la primatolog\u00eda, i d&#8217;altres fonts com les teories de Millon i Lowen.<\/span><\/p>\n<p><span style=\"font-weight: 400;\">Les addiccions i especialment la de la coca\u00efna \u00e9s una altra de les meves l\u00ednies de treball i en la qual m&#8217;enfoco especialment a aconseguir que el pacient arribi a un punt de consci\u00e8ncia suficient com per a poder deixar-les sense necessitar d&#8217;una forta voluntat.<\/span><\/p>\n<p><span style=\"font-weight: 400;\">Tracto altres temes psicopatol\u00f2gics, com la depressi\u00f3 o els trastorns de personalitat. En realitat nom\u00e9s m&#8217;interessen des d&#8217;una perspectiva terap\u00e8utica, ja des de molt primerenc, els trastorns amb un cert nivell de complexitat o gravetat.<\/span><\/p>\n<p><span style=\"font-weight: 400;\">La meva formaci\u00f3 \u00e9s, fonamentalment, te\u00f2rica. M&#8217;interessa la teoria junguiana, la primatolog\u00eda, l&#8217;evoluci\u00f3 del cervell, l&#8217;antropologia, les diferents teories i pr\u00e0ctiques cl\u00edniques en psicologia que consideren l&#8217;inconscient com a element clau en el proc\u00e9s terap\u00e8utic i la biologia. Per\u00f2 tamb\u00e9 he dedicat molt de temps a l&#8217;estudi i lectura de diferents tradicions m\u00edstiques i religioses, des de la B\u00edblia, l&#8217;escol\u00e0stica de Tom\u00e0s d&#8217;Aquino, l&#8217;I Ching des de la seva perspectiva filos\u00f2fica, el taoisme, el budisme i l&#8217;hinduisme, aix\u00ed com la filosofia occidental, especialment la de Nietzsche.<\/span><\/p>\n<p><span style=\"font-weight: 400;\">Tinc una visi\u00f3 transcendental de l&#8217;exist\u00e8ncia, crec m\u00e9s en la gen\u00e8tica que en l&#8217;ambient i que l&#8217;inconscient \u00e9s molt m\u00e9s poder\u00f3s que el cervell, al qual considero un gestor de la vida quotidiana impulsat per forces ps\u00edquiques internes subjacents.<\/span><\/p>\n<p><span style=\"font-weight: 400;\">Tinc una perspectiva racional i l\u00f2gica de la ment i de l&#8217;exist\u00e8ncia humana, m\u00e9s enll\u00e0 del cientisme reduccionista o de l&#8217;esoterisme especulatiu. Crec en la ci\u00e8ncia i tamb\u00e9 crec en el coneixement previ a ella que van desenvolupar els nostres ancestres per a evolucionar al llarg de la hist\u00f2ria.<\/span><\/p>\n<p><span style=\"font-weight: 400;\">Uneixo, aix\u00ed ho penso, una visi\u00f3 profunda i anal\u00edtica de l&#8217;\u00e9sser hum\u00e0 amb un pragmatisme resolutiu que tracta de ser efica\u00e7 en els processos terap\u00e8utics dels pacients amb els quals treballo.<\/span><\/p>\n","protected":false},"excerpt":{"rendered":"<p>Dami\u00e1n Ruiz Vaig n\u00e9ixer a Barcelona (Catalunya-Espanya) en 1964. S\u00f3c llicenciat en Psicologia i Postgrau en Avaluaci\u00f3 i diagn\u00f2stic psicol\u00f2gic [&hellip;]<\/p>\n","protected":false},"author":6,"featured_media":0,"parent":0,"menu_order":0,"comment_status":"closed","ping_status":"closed","template":"","meta":{"_uag_custom_page_level_css":"","site-sidebar-layout":"default","site-content-layout":"","ast-site-content-layout":"default","site-content-style":"default","site-sidebar-style":"default","ast-global-header-display":"","ast-banner-title-visibility":"","ast-main-header-display":"","ast-hfb-above-header-display":"","ast-hfb-below-header-display":"","ast-hfb-mobile-header-display":"","site-post-title":"disabled","ast-breadcrumbs-content":"","ast-featured-img":"","footer-sml-layout":"","theme-transparent-header-meta":"default","adv-header-id-meta":"","stick-header-meta":"","header-above-stick-meta":"","header-main-stick-meta":"","header-below-stick-meta":"","astra-migrate-meta-layouts":"set","ast-page-background-enabled":"default","ast-page-background-meta":{"desktop":{"background-color":"var(--ast-global-color-4)","background-image":"","background-repeat":"repeat","background-position":"center center","background-size":"auto","background-attachment":"scroll","background-type":"","background-media":"","overlay-type":"","overlay-color":"","overlay-opacity":"","overlay-gradient":""},"tablet":{"background-color":"","background-image":"","background-repeat":"repeat","background-position":"center center","background-size":"auto","background-attachment":"scroll","background-type":"","background-media":"","overlay-type":"","overlay-color":"","overlay-opacity":"","overlay-gradient":""},"mobile":{"background-color":"","background-image":"","background-repeat":"repeat","background-position":"center center","background-size":"auto","background-attachment":"scroll","background-type":"","background-media":"","overlay-type":"","overlay-color":"","overlay-opacity":"","overlay-gradient":""}},"ast-content-background-meta":{"desktop":{"background-color":"var(--ast-global-color-5)","background-image":"","background-repeat":"repeat","background-position":"center center","background-size":"auto","background-attachment":"scroll","background-type":"","background-media":"","overlay-type":"","overlay-color":"","overlay-opacity":"","overlay-gradient":""},"tablet":{"background-color":"var(--ast-global-color-5)","background-image":"","background-repeat":"repeat","background-position":"center center","background-size":"auto","background-attachment":"scroll","background-type":"","background-media":"","overlay-type":"","overlay-color":"","overlay-opacity":"","overlay-gradient":""},"mobile":{"background-color":"var(--ast-global-color-5)","background-image":"","background-repeat":"repeat","background-position":"center center","background-size":"auto","background-attachment":"scroll","background-type":"","background-media":"","overlay-type":"","overlay-color":"","overlay-opacity":"","overlay-gradient":""}},"footnotes":""},"class_list":["post-3900","page","type-page","status-publish","hentry"],"yoast_head":"<!-- This site is optimized with the Yoast SEO plugin v27.4 - https:\/\/yoast.com\/product\/yoast-seo-wordpress\/ -->\n<title>Dami\u00e1n Ruiz | Psic\u00f2leg i analista jungi\u00e0 a Barcelona<\/title>\n<meta name=\"description\" content=\"Coneix en Dami\u00e1n Ruiz. M\u00e9s de 30 anys d\u2019experi\u00e8ncia en ter\u00e0pia psicol\u00f2gica, tractament del TOC, addiccions i desenvolupament personal.\" \/>\n<meta name=\"robots\" content=\"index, follow, max-snippet:-1, max-image-preview:large, max-video-preview:-1\" \/>\n<link rel=\"canonical\" href=\"https:\/\/damianruiz.eu\/ca\/sobre-mi-damian-ruiz\/\" \/>\n<meta property=\"og:locale\" content=\"ca_ES\" \/>\n<meta property=\"og:type\" content=\"article\" \/>\n<meta property=\"og:title\" content=\"Dami\u00e1n Ruiz | Psic\u00f2leg i analista jungi\u00e0 a Barcelona\" \/>\n<meta property=\"og:description\" content=\"Coneix en Dami\u00e1n Ruiz. M\u00e9s de 30 anys d\u2019experi\u00e8ncia en ter\u00e0pia psicol\u00f2gica, tractament del TOC, addiccions i desenvolupament personal.\" \/>\n<meta property=\"og:url\" content=\"https:\/\/damianruiz.eu\/ca\/sobre-mi-damian-ruiz\/\" \/>\n<meta property=\"og:site_name\" content=\"Dami\u00e1n Ruiz\" \/>\n<meta property=\"article:modified_time\" content=\"2026-03-14T19:05:13+00:00\" \/>\n<meta property=\"og:image\" content=\"https:\/\/damianruiz.eu\/wp-content\/uploads\/2024\/03\/damian-portada-scaled.jpg\" \/>\n\t<meta property=\"og:image:width\" content=\"2560\" \/>\n\t<meta property=\"og:image:height\" content=\"1356\" \/>\n\t<meta property=\"og:image:type\" content=\"image\/jpeg\" \/>\n<meta name=\"twitter:card\" content=\"summary_large_image\" \/>\n<meta name=\"twitter:label1\" content=\"Temps estimat de lectura\" \/>\n\t<meta name=\"twitter:data1\" content=\"3 minuts\" \/>\n<script type=\"application\/ld+json\" class=\"yoast-schema-graph\">{\"@context\":\"https:\\\/\\\/schema.org\",\"@graph\":[{\"@type\":\"WebPage\",\"@id\":\"https:\\\/\\\/damianruiz.eu\\\/ca\\\/sobre-mi-damian-ruiz\\\/\",\"url\":\"https:\\\/\\\/damianruiz.eu\\\/ca\\\/sobre-mi-damian-ruiz\\\/\",\"name\":\"Dami\u00e1n Ruiz | Psic\u00f2leg i analista jungi\u00e0 a Barcelona\",\"isPartOf\":{\"@id\":\"https:\\\/\\\/damianruiz.eu\\\/#website\"},\"primaryImageOfPage\":{\"@id\":\"https:\\\/\\\/damianruiz.eu\\\/ca\\\/sobre-mi-damian-ruiz\\\/#primaryimage\"},\"image\":{\"@id\":\"https:\\\/\\\/damianruiz.eu\\\/ca\\\/sobre-mi-damian-ruiz\\\/#primaryimage\"},\"thumbnailUrl\":\"https:\\\/\\\/damianruiz.eu\\\/wp-content\\\/uploads\\\/2024\\\/03\\\/damian-portada-300x159.jpg\",\"datePublished\":\"2026-03-14T19:01:11+00:00\",\"dateModified\":\"2026-03-14T19:05:13+00:00\",\"description\":\"Coneix en Dami\u00e1n Ruiz. M\u00e9s de 30 anys d\u2019experi\u00e8ncia en ter\u00e0pia psicol\u00f2gica, tractament del TOC, addiccions i desenvolupament personal.\",\"breadcrumb\":{\"@id\":\"https:\\\/\\\/damianruiz.eu\\\/ca\\\/sobre-mi-damian-ruiz\\\/#breadcrumb\"},\"inLanguage\":\"ca\",\"potentialAction\":[{\"@type\":\"ReadAction\",\"target\":[\"https:\\\/\\\/damianruiz.eu\\\/ca\\\/sobre-mi-damian-ruiz\\\/\"]}]},{\"@type\":\"ImageObject\",\"inLanguage\":\"ca\",\"@id\":\"https:\\\/\\\/damianruiz.eu\\\/ca\\\/sobre-mi-damian-ruiz\\\/#primaryimage\",\"url\":\"https:\\\/\\\/damianruiz.eu\\\/wp-content\\\/uploads\\\/2024\\\/03\\\/damian-portada-300x159.jpg\",\"contentUrl\":\"https:\\\/\\\/damianruiz.eu\\\/wp-content\\\/uploads\\\/2024\\\/03\\\/damian-portada-300x159.jpg\"},{\"@type\":\"BreadcrumbList\",\"@id\":\"https:\\\/\\\/damianruiz.eu\\\/ca\\\/sobre-mi-damian-ruiz\\\/#breadcrumb\",\"itemListElement\":[{\"@type\":\"ListItem\",\"position\":1,\"name\":\"Portada\",\"item\":\"https:\\\/\\\/damianruiz.eu\\\/ca\\\/\"},{\"@type\":\"ListItem\",\"position\":2,\"name\":\"Sobre mi\"}]},{\"@type\":\"WebSite\",\"@id\":\"https:\\\/\\\/damianruiz.eu\\\/#website\",\"url\":\"https:\\\/\\\/damianruiz.eu\\\/\",\"name\":\"Dami\u00e1n Ruiz\",\"description\":\"Licenciado y Postgraduado en Psicolog\u00eda por la Universidad de Barcelona.\",\"publisher\":{\"@id\":\"https:\\\/\\\/damianruiz.eu\\\/#organization\"},\"potentialAction\":[{\"@type\":\"SearchAction\",\"target\":{\"@type\":\"EntryPoint\",\"urlTemplate\":\"https:\\\/\\\/damianruiz.eu\\\/?s={search_term_string}\"},\"query-input\":{\"@type\":\"PropertyValueSpecification\",\"valueRequired\":true,\"valueName\":\"search_term_string\"}}],\"inLanguage\":\"ca\"},{\"@type\":\"Organization\",\"@id\":\"https:\\\/\\\/damianruiz.eu\\\/#organization\",\"name\":\"Dami\u00e1n Ruiz\",\"url\":\"https:\\\/\\\/damianruiz.eu\\\/\",\"logo\":{\"@type\":\"ImageObject\",\"inLanguage\":\"ca\",\"@id\":\"https:\\\/\\\/damianruiz.eu\\\/#\\\/schema\\\/logo\\\/image\\\/\",\"url\":\"https:\\\/\\\/damianruiz.eu\\\/wp-content\\\/uploads\\\/2024\\\/04\\\/cropped-logo-2024-damian-ruiz-233.png\",\"contentUrl\":\"https:\\\/\\\/damianruiz.eu\\\/wp-content\\\/uploads\\\/2024\\\/04\\\/cropped-logo-2024-damian-ruiz-233.png\",\"width\":233,\"height\":60,\"caption\":\"Dami\u00e1n Ruiz\"},\"image\":{\"@id\":\"https:\\\/\\\/damianruiz.eu\\\/#\\\/schema\\\/logo\\\/image\\\/\"}}]}<\/script>\n<!-- \/ Yoast SEO plugin. -->","yoast_head_json":{"title":"Dami\u00e1n Ruiz | Psic\u00f2leg i analista jungi\u00e0 a Barcelona","description":"Coneix en Dami\u00e1n Ruiz. M\u00e9s de 30 anys d\u2019experi\u00e8ncia en ter\u00e0pia psicol\u00f2gica, tractament del TOC, addiccions i desenvolupament personal.","robots":{"index":"index","follow":"follow","max-snippet":"max-snippet:-1","max-image-preview":"max-image-preview:large","max-video-preview":"max-video-preview:-1"},"canonical":"https:\/\/damianruiz.eu\/ca\/sobre-mi-damian-ruiz\/","og_locale":"ca_ES","og_type":"article","og_title":"Dami\u00e1n Ruiz | Psic\u00f2leg i analista jungi\u00e0 a Barcelona","og_description":"Coneix en Dami\u00e1n Ruiz. M\u00e9s de 30 anys d\u2019experi\u00e8ncia en ter\u00e0pia psicol\u00f2gica, tractament del TOC, addiccions i desenvolupament personal.","og_url":"https:\/\/damianruiz.eu\/ca\/sobre-mi-damian-ruiz\/","og_site_name":"Dami\u00e1n Ruiz","article_modified_time":"2026-03-14T19:05:13+00:00","og_image":[{"width":2560,"height":1356,"url":"https:\/\/damianruiz.eu\/wp-content\/uploads\/2024\/03\/damian-portada-scaled.jpg","type":"image\/jpeg"}],"twitter_card":"summary_large_image","twitter_misc":{"Temps estimat de lectura":"3 minuts"},"schema":{"@context":"https:\/\/schema.org","@graph":[{"@type":"WebPage","@id":"https:\/\/damianruiz.eu\/ca\/sobre-mi-damian-ruiz\/","url":"https:\/\/damianruiz.eu\/ca\/sobre-mi-damian-ruiz\/","name":"Dami\u00e1n Ruiz | Psic\u00f2leg i analista jungi\u00e0 a Barcelona","isPartOf":{"@id":"https:\/\/damianruiz.eu\/#website"},"primaryImageOfPage":{"@id":"https:\/\/damianruiz.eu\/ca\/sobre-mi-damian-ruiz\/#primaryimage"},"image":{"@id":"https:\/\/damianruiz.eu\/ca\/sobre-mi-damian-ruiz\/#primaryimage"},"thumbnailUrl":"https:\/\/damianruiz.eu\/wp-content\/uploads\/2024\/03\/damian-portada-300x159.jpg","datePublished":"2026-03-14T19:01:11+00:00","dateModified":"2026-03-14T19:05:13+00:00","description":"Coneix en Dami\u00e1n Ruiz. M\u00e9s de 30 anys d\u2019experi\u00e8ncia en ter\u00e0pia psicol\u00f2gica, tractament del TOC, addiccions i desenvolupament personal.","breadcrumb":{"@id":"https:\/\/damianruiz.eu\/ca\/sobre-mi-damian-ruiz\/#breadcrumb"},"inLanguage":"ca","potentialAction":[{"@type":"ReadAction","target":["https:\/\/damianruiz.eu\/ca\/sobre-mi-damian-ruiz\/"]}]},{"@type":"ImageObject","inLanguage":"ca","@id":"https:\/\/damianruiz.eu\/ca\/sobre-mi-damian-ruiz\/#primaryimage","url":"https:\/\/damianruiz.eu\/wp-content\/uploads\/2024\/03\/damian-portada-300x159.jpg","contentUrl":"https:\/\/damianruiz.eu\/wp-content\/uploads\/2024\/03\/damian-portada-300x159.jpg"},{"@type":"BreadcrumbList","@id":"https:\/\/damianruiz.eu\/ca\/sobre-mi-damian-ruiz\/#breadcrumb","itemListElement":[{"@type":"ListItem","position":1,"name":"Portada","item":"https:\/\/damianruiz.eu\/ca\/"},{"@type":"ListItem","position":2,"name":"Sobre mi"}]},{"@type":"WebSite","@id":"https:\/\/damianruiz.eu\/#website","url":"https:\/\/damianruiz.eu\/","name":"Dami\u00e1n Ruiz","description":"Licenciado y Postgraduado en Psicolog\u00eda por la Universidad de Barcelona.","publisher":{"@id":"https:\/\/damianruiz.eu\/#organization"},"potentialAction":[{"@type":"SearchAction","target":{"@type":"EntryPoint","urlTemplate":"https:\/\/damianruiz.eu\/?s={search_term_string}"},"query-input":{"@type":"PropertyValueSpecification","valueRequired":true,"valueName":"search_term_string"}}],"inLanguage":"ca"},{"@type":"Organization","@id":"https:\/\/damianruiz.eu\/#organization","name":"Dami\u00e1n Ruiz","url":"https:\/\/damianruiz.eu\/","logo":{"@type":"ImageObject","inLanguage":"ca","@id":"https:\/\/damianruiz.eu\/#\/schema\/logo\/image\/","url":"https:\/\/damianruiz.eu\/wp-content\/uploads\/2024\/04\/cropped-logo-2024-damian-ruiz-233.png","contentUrl":"https:\/\/damianruiz.eu\/wp-content\/uploads\/2024\/04\/cropped-logo-2024-damian-ruiz-233.png","width":233,"height":60,"caption":"Dami\u00e1n Ruiz"},"image":{"@id":"https:\/\/damianruiz.eu\/#\/schema\/logo\/image\/"}}]}},"uagb_featured_image_src":{"full":false,"thumbnail":false,"medium":false,"medium_large":false,"large":false,"1536x1536":false,"2048x2048":false},"uagb_author_info":{"display_name":"mguad","author_link":"https:\/\/damianruiz.eu\/ca\/author\/mguad\/"},"uagb_comment_info":0,"uagb_excerpt":"Dami\u00e1n Ruiz Vaig n\u00e9ixer a Barcelona (Catalunya-Espanya) en 1964. S\u00f3c llicenciat en Psicologia i Postgrau en Avaluaci\u00f3 i diagn\u00f2stic psicol\u00f2gic [&hellip;]","_links":{"self":[{"href":"https:\/\/damianruiz.eu\/ca\/wp-json\/wp\/v2\/pages\/3900","targetHints":{"allow":["GET"]}}],"collection":[{"href":"https:\/\/damianruiz.eu\/ca\/wp-json\/wp\/v2\/pages"}],"about":[{"href":"https:\/\/damianruiz.eu\/ca\/wp-json\/wp\/v2\/types\/page"}],"author":[{"embeddable":true,"href":"https:\/\/damianruiz.eu\/ca\/wp-json\/wp\/v2\/users\/6"}],"replies":[{"embeddable":true,"href":"https:\/\/damianruiz.eu\/ca\/wp-json\/wp\/v2\/comments?post=3900"}],"version-history":[{"count":1,"href":"https:\/\/damianruiz.eu\/ca\/wp-json\/wp\/v2\/pages\/3900\/revisions"}],"predecessor-version":[{"id":3901,"href":"https:\/\/damianruiz.eu\/ca\/wp-json\/wp\/v2\/pages\/3900\/revisions\/3901"}],"wp:attachment":[{"href":"https:\/\/damianruiz.eu\/ca\/wp-json\/wp\/v2\/media?parent=3900"}],"curies":[{"name":"wp","href":"https:\/\/api.w.org\/{rel}","templated":true}]}}