{"id":782,"date":"2020-08-22T02:50:22","date_gmt":"2020-08-22T02:50:22","guid":{"rendered":"https:\/\/damianruiz.eu\/2024\/?page_id=782"},"modified":"2021-05-31T18:40:21","modified_gmt":"2021-05-31T18:40:21","slug":"llibertat-i-evolucio","status":"publish","type":"page","link":"https:\/\/damianruiz.eu\/ca\/llibertat-i-evolucio\/","title":{"rendered":"Llibertat i evoluci\u00f3"},"content":{"rendered":"<h2 style=\"color: #660000; text-align: center;\">Libertat i Evoluci\u00f3 (Procediment)<\/h2>\n<blockquote><p><i>\u201cQuan la racionalitat es combina de deb\u00f2 amb la irracionalitat, vam comen\u00e7ar a anar m\u00e9s enll\u00e0 de les dues. Llavors es crea alguna cosa m\u00e9s, una cosa extraordin\u00e0ria que \u00e9s atemporal i, per\u00f2, totalment nou, vam comen\u00e7ar a veure el il\u00b7l\u00f2gic de tot el que normalment es considera raonable i ens enfrontem amb una l\u00f2gica implacable, d&#8217;una fascinant coher\u00e8ncia, que aparentment podr\u00edem rebutjar per completament absurda\u201d.<\/i><\/p>\n<p><i>\u201cEn los oscuros lugares del saber\u201d, Peter Kingsley<\/i><\/p><\/blockquote>\n<p>En moltes ocasions els talents i potencialitats que romanen latents en determinats individus, ho s\u00e0piguen aquests o no, presenten dificultats en emergir a causa que els condicionants socials aix\u00ed com les pors i inhibicions personals impedeixen el seu desenvolupament. Aquestes capacitats estan atrapades en estereot\u00edpies, en procediments estrat\u00e8gics m\u00e9s o menys h\u00e0bils i a l&#8217;espera que, d&#8217;una manera o altra i tard o d&#8217;hora, les aut\u00e8ntiques qualitats aniran sortint a la llum, alg\u00fa les reconeixer\u00e0 i tot comen\u00e7ar\u00e0 a canviar.<\/p>\n<p>D&#8217;aqu\u00ed que avui, i des de fa anys, es llegeixin llibres d&#8217;autoajuda amb tot tipus de m\u00e8todes i estrat\u00e8gies, es contractin coaches per avan\u00e7ar i comprometre amb determinades l\u00ednies d&#8217;actuaci\u00f3 i se segueixin procediments ajustats a una l\u00f2gica realista, de vegades combinats amb els exercicis de visualitzaci\u00f3 d&#8217;elements presents o futurs que podrien arribar a materialitzar-se. I no ser\u00e9 jo qui digui que no funcionin, ja que probablement ho fan.<\/p>\n<p>En canvi, les antigues mitologies grega i romana, a trav\u00e9s dels seus d\u00e9us, representaven les diferents forces alqu\u00edmiques, en realitat bioqu\u00edmiques, subjacents en la naturalesa humana, \u00e9s a dir en la seva organitzaci\u00f3 f\u00edsica: llegiu neurotransmissors, hormones, impulsos nerviosos, etc. De tal manera que Hades o Plut\u00f3, d\u00e9u de l&#8217;infern i dels mons foscos, podria tenir un cert paral\u00b7lelisme amb els d\u00e8ficits de recaptaci\u00f3 de la serotonina en les persones que pateixen una depressi\u00f3 i en canvi, la for\u00e7a de Zeus o J\u00fapiter i la seva capacitat de &#8220;llan\u00e7ar rajos&#8221; de forma a vegades arbitr\u00e0ria per aniquilar o despertar &#8220;els altres&#8221;, podr\u00edem connectar-lo amb la recuperaci\u00f3 de l&#8217;equilibri bioqu\u00edmic de el cervell a trav\u00e9s de la generaci\u00f3 d&#8217;endorfines de forma massiva i continuada.<\/p>\n<p>La q\u00fcesti\u00f3 \u00e9s que darrere de tot el saber ancestral recollit en les diferents tradicions mitol\u00f2giques, religioses i m\u00edstiques, hi ha claus d&#8217;intervenci\u00f3 pr\u00e0ctica per ajudar a produir canvis en circumst\u00e0ncies de bloqueig i par\u00e0lisi en les persones.<\/p>\n<p>D&#8217;altra banda durant anys em vaig dedicar, paral\u00b7lelament a la meva formaci\u00f3 com a psic\u00f2leg i analista jungui\u00e0, a la lectura i estudi de determinats textos filos\u00f2fics o m\u00edstics, com la B\u00edblia, l&#8217;I Ching, el Bhagavad Gita, a llegir sobre taoisme, budisme, alqu\u00edmia cristiana, aix\u00ed com assajos sobre la pr\u00e0ctica de tradicions ancestrals en tots aquells aspectes que tenien relaci\u00f3 amb els processos d&#8217;alliberament.<\/p>\n<p>Sempre em va interessar descobrir les claus metaf\u00f2riques i simb\u00f2liques del que avui dia podria ser tradu\u00eft en noms clarament cient\u00edfics.<\/p>\n<p>La ci\u00e8ncia, tal com avui la coneixem, no \u00e9s m\u00e9s que la culminaci\u00f3 d&#8217;un coneixement que durant segles es va desenvolupar per altres vies, fonamentalment a trav\u00e9s de la contemplaci\u00f3, la meditaci\u00f3, la &#8220;incubaci\u00f3&#8221;, i l&#8217;assaig-error en el seu nivell m\u00e9s experimental.<\/p>\n<p>La q\u00fcesti\u00f3 \u00e9s que avui en dia estan en voga els rituals basats en l&#8217;\u00fas de subst\u00e0ncies com l&#8217;ayahuasca, en menor grau amb el peiot, i aix\u00f2 amb la finalitat d&#8217;accedir, suposadament, a nivells d&#8217;autoconeixement i consci\u00e8ncia elevats. Per\u00f2 la meva pregunta sempre va ser, i \u00e9s una cosa sobre el que he indagat, \u00bf\u00e9s possible assolir, en persones sanes i sense risc ps\u00edquic, estats de tr\u00e0ngol o de dissoluci\u00f3 sense l&#8217;\u00fas de cap al\u00b7lucinogen? I la meva resposta \u00e9s s\u00ed, \u00e9s m\u00e9s, crec que es pot arribar a aquest estat sense perdre la consci\u00e8ncia i tenint en tot moment claredat sobre el que s&#8217;est\u00e0 vivint.<\/p>\n<p>Es tracta fonamentalment d&#8217;activar a la persona mitjan\u00e7ant la m\u00fasica, el moviment i la respiraci\u00f3, aix\u00ed com reunificarla posteriorment mitjan\u00e7ant el silenci, l&#8217;ordre, i la canalitzaci\u00f3 de les energies desbloquejades. \u00c9s un treball fonamentalment psicocorporal adre\u00e7at a persones psicol\u00f2gicament sanes, \u00e9s a dir que no presenten cap tipus de tret de vulnerabilitat ps\u00edquica davant aquest procediment, i que volen assolir d&#8217;una manera m\u00e9s visceral i directa una major consci\u00e8ncia i llibertat, aix\u00ed com una forta determinaci\u00f3 en dirigir-se cap els seus objectius vitals.<\/p>\n<p>&nbsp;<\/p>\n<h2 style=\"color: #660000; text-align: center;\">\u00bfA qui s&#8217;adre\u00e7a aquest procediment?<\/h2>\n<p>En primer lloc cal dir que \u00e9s un proc\u00e9s &#8220;no terap\u00e8utic&#8221;, per tant no \u00e9s un tractament psicol\u00f2gic per a cap trastorn o problem\u00e0tica mental o emocional. Dit aix\u00f2, es dirigeix \u200b\u200ba totes aquelles persones, majors d&#8217;edat, que en condicions d&#8217;estabilitat mental i emocional adequades, volen alliberar-se de bloquejos, pors, culpes irracionals, inhibicions, inseguretats, baixa autoestima, de la manca d&#8217;atreviment i valor, per aix\u00ed poder posicionar-se vitalment, a nivell biosocial, d&#8217;una manera m\u00e9s forta, ferm i decidit.<\/p>\n<p>Per poder accedir a aquest tipus d&#8217;activitat ser\u00e0 imprescindible realitzar pr\u00e8viament una o dues entrevistes en qu\u00e8 s&#8217;analitzaran les circumst\u00e0ncies vitals, psicol\u00f2giques i emocionals de l&#8217;pacient i, en cas que es consideri apte per accedir a aquest treball psicocorporal, se li explicar\u00e0 exhaustivament en qu\u00e8 consistir\u00e0 tot el que es faci i qu\u00e8 es pot arribar a esperar d&#8217;aix\u00f2.<\/p>\n<p>El pagament es realitzar\u00e0 per sessions, per tant no hi haur\u00e0 cap comprom\u00eds de continu\u00eftat.<\/p>\n<p>Les sessions seran presencials i, de moment, individuals.<\/p>\n<h3 style=\"text-align: center;\">Contacta&#8217;ns<\/h3>\n<p style=\"text-align: center;\">\n<div class=\"wpcf7 no-js\" id=\"wpcf7-f20-o1\" lang=\"es-ES\" dir=\"ltr\" data-wpcf7-id=\"20\">\n<div class=\"screen-reader-response\"><p role=\"status\" aria-live=\"polite\" aria-atomic=\"true\"><\/p> <ul><\/ul><\/div>\n<form action=\"\/ca\/wp-json\/wp\/v2\/pages\/782#wpcf7-f20-o1\" method=\"post\" class=\"wpcf7-form init wpcf7-acceptance-as-validation\" aria-label=\"Formulario de contacto\" novalidate=\"novalidate\" data-status=\"init\">\n<fieldset class=\"hidden-fields-container\"><input type=\"hidden\" name=\"_wpcf7\" value=\"20\" \/><input type=\"hidden\" name=\"_wpcf7_version\" value=\"6.1.5\" \/><input type=\"hidden\" name=\"_wpcf7_locale\" value=\"es_ES\" \/><input type=\"hidden\" name=\"_wpcf7_unit_tag\" value=\"wpcf7-f20-o1\" \/><input type=\"hidden\" name=\"_wpcf7_container_post\" value=\"0\" \/><input type=\"hidden\" name=\"_wpcf7_posted_data_hash\" value=\"\" \/>\n<\/fieldset>\n<div class=\"one-half\">\n\t<p><label> <span class=\"wpcf7-form-control-wrap\" data-name=\"your-name\"><input size=\"40\" maxlength=\"400\" class=\"wpcf7-form-control wpcf7-text wpcf7-validates-as-required\" aria-required=\"true\" aria-invalid=\"false\" placeholder=\"Nombre\" value=\"\" type=\"text\" name=\"your-name\" \/><\/span> <\/label>\n\t<\/p>\n<\/div>\n<div class=\"one-half last\">\n\t<p><label> <span class=\"wpcf7-form-control-wrap\" data-name=\"your-email\"><input size=\"40\" maxlength=\"400\" class=\"wpcf7-form-control wpcf7-email wpcf7-validates-as-required wpcf7-text wpcf7-validates-as-email\" aria-required=\"true\" aria-invalid=\"false\" placeholder=\"Email\" value=\"\" type=\"email\" name=\"your-email\" \/><\/span> <\/label>\n\t<\/p>\n<\/div>\n<div class=\"one-half\">\n\t<p><label> <span class=\"wpcf7-form-control-wrap\" data-name=\"your-subject\"><input size=\"40\" maxlength=\"400\" class=\"wpcf7-form-control wpcf7-text\" aria-invalid=\"false\" placeholder=\"Asunto\" value=\"\" type=\"text\" name=\"your-subject\" \/><\/span> <\/label>\n\t<\/p>\n<\/div>\n<div class=\"one-half last\">\n\t<p><label> <span class=\"wpcf7-form-control-wrap\" data-name=\"tel-503\"><input size=\"40\" maxlength=\"400\" class=\"wpcf7-form-control wpcf7-tel wpcf7-validates-as-required wpcf7-text wpcf7-validates-as-tel\" aria-required=\"true\" aria-invalid=\"false\" placeholder=\"Tel\u00e9fono\" value=\"\" type=\"tel\" name=\"tel-503\" \/><\/span> <\/label>\n\t<\/p>\n<\/div>\n<p><label> <span class=\"wpcf7-form-control-wrap\" data-name=\"your-message\"><textarea cols=\"40\" rows=\"10\" maxlength=\"2000\" class=\"wpcf7-form-control wpcf7-textarea\" aria-invalid=\"false\" placeholder=\"Mensaje\" name=\"your-message\"><\/textarea><\/span> <\/label>\n<\/p>\n<p><label> <span class=\"wpcf7-form-control-wrap\" data-name=\"acceptance-902\"><span class=\"wpcf7-form-control wpcf7-acceptance\"><span class=\"wpcf7-list-item\"><input type=\"checkbox\" name=\"acceptance-902\" value=\"1\" aria-invalid=\"false\" \/><\/span><\/span><\/span> He le\u00eddo y acepto la<br \/>\n<a href=\"https:\/\/weberas.com\/politica-de-privacidad\/\">pol\u00edtica de privacidad<\/a><\/label>\n<\/p>\n<p><input class=\"wpcf7-form-control wpcf7-submit has-spinner\" type=\"submit\" value=\"Enviar\" \/>\n<\/p><div class=\"wpcf7-response-output\" aria-hidden=\"true\"><\/div>\n<\/form>\n<\/div>\n","protected":false},"excerpt":{"rendered":"<p>Libertat i Evoluci\u00f3 (Procediment) \u201cQuan la racionalitat es combina de deb\u00f2 amb la irracionalitat, vam comen\u00e7ar a anar m\u00e9s enll\u00e0 [&hellip;]<\/p>\n","protected":false},"author":4,"featured_media":472,"parent":0,"menu_order":0,"comment_status":"closed","ping_status":"closed","template":"","meta":{"_uag_custom_page_level_css":"","site-sidebar-layout":"default","site-content-layout":"","ast-site-content-layout":"default","site-content-style":"default","site-sidebar-style":"default","ast-global-header-display":"","ast-banner-title-visibility":"","ast-main-header-display":"","ast-hfb-above-header-display":"","ast-hfb-below-header-display":"","ast-hfb-mobile-header-display":"","site-post-title":"","ast-breadcrumbs-content":"","ast-featured-img":"","footer-sml-layout":"","theme-transparent-header-meta":"default","adv-header-id-meta":"","stick-header-meta":"","header-above-stick-meta":"","header-main-stick-meta":"","header-below-stick-meta":"","astra-migrate-meta-layouts":"default","ast-page-background-enabled":"default","ast-page-background-meta":{"desktop":{"background-color":"var(--ast-global-color-4)","background-image":"","background-repeat":"repeat","background-position":"center center","background-size":"auto","background-attachment":"scroll","background-type":"","background-media":"","overlay-type":"","overlay-color":"","overlay-opacity":"","overlay-gradient":""},"tablet":{"background-color":"","background-image":"","background-repeat":"repeat","background-position":"center center","background-size":"auto","background-attachment":"scroll","background-type":"","background-media":"","overlay-type":"","overlay-color":"","overlay-opacity":"","overlay-gradient":""},"mobile":{"background-color":"","background-image":"","background-repeat":"repeat","background-position":"center center","background-size":"auto","background-attachment":"scroll","background-type":"","background-media":"","overlay-type":"","overlay-color":"","overlay-opacity":"","overlay-gradient":""}},"ast-content-background-meta":{"desktop":{"background-color":"var(--ast-global-color-5)","background-image":"","background-repeat":"repeat","background-position":"center center","background-size":"auto","background-attachment":"scroll","background-type":"","background-media":"","overlay-type":"","overlay-color":"","overlay-opacity":"","overlay-gradient":""},"tablet":{"background-color":"var(--ast-global-color-5)","background-image":"","background-repeat":"repeat","background-position":"center center","background-size":"auto","background-attachment":"scroll","background-type":"","background-media":"","overlay-type":"","overlay-color":"","overlay-opacity":"","overlay-gradient":""},"mobile":{"background-color":"var(--ast-global-color-5)","background-image":"","background-repeat":"repeat","background-position":"center center","background-size":"auto","background-attachment":"scroll","background-type":"","background-media":"","overlay-type":"","overlay-color":"","overlay-opacity":"","overlay-gradient":""}},"footnotes":""},"class_list":["post-782","page","type-page","status-publish","has-post-thumbnail","hentry"],"yoast_head":"<!-- This site is optimized with the Yoast SEO plugin v27.5 - https:\/\/yoast.com\/product\/yoast-seo-wordpress\/ -->\n<title>Llibertat i evoluci\u00f3 - Dami\u00e1n Ruiz<\/title>\n<meta name=\"robots\" content=\"index, follow, max-snippet:-1, max-image-preview:large, max-video-preview:-1\" \/>\n<link rel=\"canonical\" href=\"https:\/\/damianruiz.eu\/libertad-y-evolucion\/\" \/>\n<meta property=\"og:locale\" content=\"ca_ES\" \/>\n<meta property=\"og:type\" content=\"article\" \/>\n<meta property=\"og:title\" content=\"Llibertat i evoluci\u00f3 - Dami\u00e1n Ruiz\" \/>\n<meta property=\"og:description\" content=\"Libertat i Evoluci\u00f3 (Procediment) \u201cQuan la racionalitat es combina de deb\u00f2 amb la irracionalitat, vam comen\u00e7ar a anar m\u00e9s enll\u00e0 [&hellip;]\" \/>\n<meta property=\"og:url\" content=\"https:\/\/damianruiz.eu\/libertad-y-evolucion\/\" \/>\n<meta property=\"og:site_name\" content=\"Dami\u00e1n Ruiz\" \/>\n<meta property=\"article:modified_time\" content=\"2021-05-31T18:40:21+00:00\" \/>\n<meta property=\"og:image\" content=\"https:\/\/damianruiz.eu\/wp-content\/uploads\/2020\/08\/Libertad-y-Evoluci\u00f3n.jpg\" \/>\n\t<meta property=\"og:image:width\" content=\"1280\" \/>\n\t<meta property=\"og:image:height\" content=\"960\" \/>\n\t<meta property=\"og:image:type\" content=\"image\/jpeg\" \/>\n<meta name=\"twitter:card\" content=\"summary_large_image\" \/>\n<meta name=\"twitter:label1\" content=\"Temps estimat de lectura\" \/>\n\t<meta name=\"twitter:data1\" content=\"5 minuts\" \/>\n<script type=\"application\/ld+json\" class=\"yoast-schema-graph\">{\"@context\":\"https:\\\/\\\/schema.org\",\"@graph\":[{\"@type\":\"WebPage\",\"@id\":\"https:\\\/\\\/damianruiz.eu\\\/libertad-y-evolucion\\\/\",\"url\":\"https:\\\/\\\/damianruiz.eu\\\/libertad-y-evolucion\\\/\",\"name\":\"Llibertat i evoluci\u00f3 - Dami\u00e1n Ruiz\",\"isPartOf\":{\"@id\":\"https:\\\/\\\/damianruiz.eu\\\/#website\"},\"primaryImageOfPage\":{\"@id\":\"https:\\\/\\\/damianruiz.eu\\\/libertad-y-evolucion\\\/#primaryimage\"},\"image\":{\"@id\":\"https:\\\/\\\/damianruiz.eu\\\/libertad-y-evolucion\\\/#primaryimage\"},\"thumbnailUrl\":\"https:\\\/\\\/damianruiz.eu\\\/wp-content\\\/uploads\\\/2020\\\/08\\\/Libertad-y-Evoluci\u00f3n.jpg\",\"datePublished\":\"2020-08-22T02:50:22+00:00\",\"dateModified\":\"2021-05-31T18:40:21+00:00\",\"breadcrumb\":{\"@id\":\"https:\\\/\\\/damianruiz.eu\\\/libertad-y-evolucion\\\/#breadcrumb\"},\"inLanguage\":\"ca\",\"potentialAction\":[{\"@type\":\"ReadAction\",\"target\":[\"https:\\\/\\\/damianruiz.eu\\\/libertad-y-evolucion\\\/\"]}]},{\"@type\":\"ImageObject\",\"inLanguage\":\"ca\",\"@id\":\"https:\\\/\\\/damianruiz.eu\\\/libertad-y-evolucion\\\/#primaryimage\",\"url\":\"https:\\\/\\\/damianruiz.eu\\\/wp-content\\\/uploads\\\/2020\\\/08\\\/Libertad-y-Evoluci\u00f3n.jpg\",\"contentUrl\":\"https:\\\/\\\/damianruiz.eu\\\/wp-content\\\/uploads\\\/2020\\\/08\\\/Libertad-y-Evoluci\u00f3n.jpg\",\"width\":1280,\"height\":960},{\"@type\":\"BreadcrumbList\",\"@id\":\"https:\\\/\\\/damianruiz.eu\\\/libertad-y-evolucion\\\/#breadcrumb\",\"itemListElement\":[{\"@type\":\"ListItem\",\"position\":1,\"name\":\"Portada\",\"item\":\"https:\\\/\\\/damianruiz.eu\\\/ca\\\/\"},{\"@type\":\"ListItem\",\"position\":2,\"name\":\"Llibertat i evoluci\u00f3\"}]},{\"@type\":\"WebSite\",\"@id\":\"https:\\\/\\\/damianruiz.eu\\\/#website\",\"url\":\"https:\\\/\\\/damianruiz.eu\\\/\",\"name\":\"Dami\u00e1n Ruiz\",\"description\":\"Licenciado y Postgraduado en Psicolog\u00eda por la Universidad de Barcelona.\",\"publisher\":{\"@id\":\"https:\\\/\\\/damianruiz.eu\\\/#organization\"},\"potentialAction\":[{\"@type\":\"SearchAction\",\"target\":{\"@type\":\"EntryPoint\",\"urlTemplate\":\"https:\\\/\\\/damianruiz.eu\\\/?s={search_term_string}\"},\"query-input\":{\"@type\":\"PropertyValueSpecification\",\"valueRequired\":true,\"valueName\":\"search_term_string\"}}],\"inLanguage\":\"ca\"},{\"@type\":\"Organization\",\"@id\":\"https:\\\/\\\/damianruiz.eu\\\/#organization\",\"name\":\"Dami\u00e1n Ruiz\",\"url\":\"https:\\\/\\\/damianruiz.eu\\\/\",\"logo\":{\"@type\":\"ImageObject\",\"inLanguage\":\"ca\",\"@id\":\"https:\\\/\\\/damianruiz.eu\\\/#\\\/schema\\\/logo\\\/image\\\/\",\"url\":\"https:\\\/\\\/damianruiz.eu\\\/wp-content\\\/uploads\\\/2024\\\/04\\\/cropped-logo-2024-damian-ruiz-233.png\",\"contentUrl\":\"https:\\\/\\\/damianruiz.eu\\\/wp-content\\\/uploads\\\/2024\\\/04\\\/cropped-logo-2024-damian-ruiz-233.png\",\"width\":233,\"height\":60,\"caption\":\"Dami\u00e1n Ruiz\"},\"image\":{\"@id\":\"https:\\\/\\\/damianruiz.eu\\\/#\\\/schema\\\/logo\\\/image\\\/\"}}]}<\/script>\n<!-- \/ Yoast SEO plugin. -->","yoast_head_json":{"title":"Llibertat i evoluci\u00f3 - Dami\u00e1n Ruiz","robots":{"index":"index","follow":"follow","max-snippet":"max-snippet:-1","max-image-preview":"max-image-preview:large","max-video-preview":"max-video-preview:-1"},"canonical":"https:\/\/damianruiz.eu\/libertad-y-evolucion\/","og_locale":"ca_ES","og_type":"article","og_title":"Llibertat i evoluci\u00f3 - Dami\u00e1n Ruiz","og_description":"Libertat i Evoluci\u00f3 (Procediment) \u201cQuan la racionalitat es combina de deb\u00f2 amb la irracionalitat, vam comen\u00e7ar a anar m\u00e9s enll\u00e0 [&hellip;]","og_url":"https:\/\/damianruiz.eu\/libertad-y-evolucion\/","og_site_name":"Dami\u00e1n Ruiz","article_modified_time":"2021-05-31T18:40:21+00:00","og_image":[{"width":1280,"height":960,"url":"https:\/\/damianruiz.eu\/wp-content\/uploads\/2020\/08\/Libertad-y-Evoluci\u00f3n.jpg","type":"image\/jpeg"}],"twitter_card":"summary_large_image","twitter_misc":{"Temps estimat de lectura":"5 minuts"},"schema":{"@context":"https:\/\/schema.org","@graph":[{"@type":"WebPage","@id":"https:\/\/damianruiz.eu\/libertad-y-evolucion\/","url":"https:\/\/damianruiz.eu\/libertad-y-evolucion\/","name":"Llibertat i evoluci\u00f3 - Dami\u00e1n Ruiz","isPartOf":{"@id":"https:\/\/damianruiz.eu\/#website"},"primaryImageOfPage":{"@id":"https:\/\/damianruiz.eu\/libertad-y-evolucion\/#primaryimage"},"image":{"@id":"https:\/\/damianruiz.eu\/libertad-y-evolucion\/#primaryimage"},"thumbnailUrl":"https:\/\/damianruiz.eu\/wp-content\/uploads\/2020\/08\/Libertad-y-Evoluci\u00f3n.jpg","datePublished":"2020-08-22T02:50:22+00:00","dateModified":"2021-05-31T18:40:21+00:00","breadcrumb":{"@id":"https:\/\/damianruiz.eu\/libertad-y-evolucion\/#breadcrumb"},"inLanguage":"ca","potentialAction":[{"@type":"ReadAction","target":["https:\/\/damianruiz.eu\/libertad-y-evolucion\/"]}]},{"@type":"ImageObject","inLanguage":"ca","@id":"https:\/\/damianruiz.eu\/libertad-y-evolucion\/#primaryimage","url":"https:\/\/damianruiz.eu\/wp-content\/uploads\/2020\/08\/Libertad-y-Evoluci\u00f3n.jpg","contentUrl":"https:\/\/damianruiz.eu\/wp-content\/uploads\/2020\/08\/Libertad-y-Evoluci\u00f3n.jpg","width":1280,"height":960},{"@type":"BreadcrumbList","@id":"https:\/\/damianruiz.eu\/libertad-y-evolucion\/#breadcrumb","itemListElement":[{"@type":"ListItem","position":1,"name":"Portada","item":"https:\/\/damianruiz.eu\/ca\/"},{"@type":"ListItem","position":2,"name":"Llibertat i evoluci\u00f3"}]},{"@type":"WebSite","@id":"https:\/\/damianruiz.eu\/#website","url":"https:\/\/damianruiz.eu\/","name":"Dami\u00e1n Ruiz","description":"Licenciado y Postgraduado en Psicolog\u00eda por la Universidad de Barcelona.","publisher":{"@id":"https:\/\/damianruiz.eu\/#organization"},"potentialAction":[{"@type":"SearchAction","target":{"@type":"EntryPoint","urlTemplate":"https:\/\/damianruiz.eu\/?s={search_term_string}"},"query-input":{"@type":"PropertyValueSpecification","valueRequired":true,"valueName":"search_term_string"}}],"inLanguage":"ca"},{"@type":"Organization","@id":"https:\/\/damianruiz.eu\/#organization","name":"Dami\u00e1n Ruiz","url":"https:\/\/damianruiz.eu\/","logo":{"@type":"ImageObject","inLanguage":"ca","@id":"https:\/\/damianruiz.eu\/#\/schema\/logo\/image\/","url":"https:\/\/damianruiz.eu\/wp-content\/uploads\/2024\/04\/cropped-logo-2024-damian-ruiz-233.png","contentUrl":"https:\/\/damianruiz.eu\/wp-content\/uploads\/2024\/04\/cropped-logo-2024-damian-ruiz-233.png","width":233,"height":60,"caption":"Dami\u00e1n Ruiz"},"image":{"@id":"https:\/\/damianruiz.eu\/#\/schema\/logo\/image\/"}}]}},"uagb_featured_image_src":{"full":["https:\/\/damianruiz.eu\/wp-content\/uploads\/2020\/08\/Libertad-y-Evoluci\u00f3n.jpg",1280,960,false],"thumbnail":["https:\/\/damianruiz.eu\/wp-content\/uploads\/2020\/08\/Libertad-y-Evoluci\u00f3n-150x150.jpg",150,150,true],"medium":["https:\/\/damianruiz.eu\/wp-content\/uploads\/2020\/08\/Libertad-y-Evoluci\u00f3n-300x225.jpg",300,225,true],"medium_large":["https:\/\/damianruiz.eu\/wp-content\/uploads\/2020\/08\/Libertad-y-Evoluci\u00f3n-768x576.jpg",768,576,true],"large":["https:\/\/damianruiz.eu\/wp-content\/uploads\/2020\/08\/Libertad-y-Evoluci\u00f3n-1024x768.jpg",1024,768,true],"1536x1536":["https:\/\/damianruiz.eu\/wp-content\/uploads\/2020\/08\/Libertad-y-Evoluci\u00f3n.jpg",1280,960,false],"2048x2048":["https:\/\/damianruiz.eu\/wp-content\/uploads\/2020\/08\/Libertad-y-Evoluci\u00f3n.jpg",1280,960,false]},"uagb_author_info":{"display_name":"Dami\u00e1n Ruiz","author_link":"https:\/\/damianruiz.eu\/ca\/author\/damianruiz\/"},"uagb_comment_info":0,"uagb_excerpt":"Libertat i Evoluci\u00f3 (Procediment) \u201cQuan la racionalitat es combina de deb\u00f2 amb la irracionalitat, vam comen\u00e7ar a anar m\u00e9s enll\u00e0 [&hellip;]","_links":{"self":[{"href":"https:\/\/damianruiz.eu\/ca\/wp-json\/wp\/v2\/pages\/782","targetHints":{"allow":["GET"]}}],"collection":[{"href":"https:\/\/damianruiz.eu\/ca\/wp-json\/wp\/v2\/pages"}],"about":[{"href":"https:\/\/damianruiz.eu\/ca\/wp-json\/wp\/v2\/types\/page"}],"author":[{"embeddable":true,"href":"https:\/\/damianruiz.eu\/ca\/wp-json\/wp\/v2\/users\/4"}],"replies":[{"embeddable":true,"href":"https:\/\/damianruiz.eu\/ca\/wp-json\/wp\/v2\/comments?post=782"}],"version-history":[{"count":2,"href":"https:\/\/damianruiz.eu\/ca\/wp-json\/wp\/v2\/pages\/782\/revisions"}],"predecessor-version":[{"id":984,"href":"https:\/\/damianruiz.eu\/ca\/wp-json\/wp\/v2\/pages\/782\/revisions\/984"}],"wp:featuredmedia":[{"embeddable":true,"href":"https:\/\/damianruiz.eu\/ca\/wp-json\/wp\/v2\/media\/472"}],"wp:attachment":[{"href":"https:\/\/damianruiz.eu\/ca\/wp-json\/wp\/v2\/media?parent=782"}],"curies":[{"name":"wp","href":"https:\/\/api.w.org\/{rel}","templated":true}]}}