{"id":728,"date":"2020-08-20T20:34:10","date_gmt":"2020-08-20T20:34:10","guid":{"rendered":"https:\/\/damianruiz.eu\/2024\/?page_id=728"},"modified":"2021-05-31T18:38:11","modified_gmt":"2021-05-31T18:38:11","slug":"liberte-et-evolution","status":"publish","type":"page","link":"https:\/\/damianruiz.eu\/fr\/liberte-et-evolution\/","title":{"rendered":"Libert\u00e9 et \u00e9volution"},"content":{"rendered":"<h2 style=\"color: #660000; text-align: center;\">Libert\u00e9 et \u00e9volution (proc\u00e9dure)<\/h2>\n<blockquote><p>\u00abLorsque la rationalit\u00e9 est vraiment combin\u00e9e \u00e0 l&rsquo;irrationalit\u00e9, nous commen\u00e7ons \u00e0 aller au-del\u00e0 des deux. Puis quelque chose d&rsquo;autre est cr\u00e9\u00e9, quelque chose d&rsquo;extraordinaire qui est intemporel et pourtant totalement nouveau, nous commen\u00e7ons \u00e0 voir l&rsquo;illogique de tout ce qui est normalement consid\u00e9r\u00e9 comme raisonnable et sommes confront\u00e9s \u00e0 une logique implacable, d&rsquo;une coh\u00e9rence fascinante, que nous pourrions apparemment rejeter pour compl\u00e8tement absurde \u00bb.<\/p>\n<p>\u00ab\u00a0Dans les lieux sombres de la connaissance\u00a0\u00bb, Peter Kingsley<\/p><\/blockquote>\n<p>Dans de nombreuses occasions, les talents et potentialit\u00e9s qui restent latents chez certains individus, qu&rsquo;ils le sachent ou non, pr\u00e9sentent des difficult\u00e9s \u00e0 \u00e9merger car des facteurs de conditionnement social ainsi que des peurs et des inhibitions personnelles entravent leur d\u00e9veloppement. Ces capacit\u00e9s sont pi\u00e9g\u00e9es dans des st\u00e9r\u00e9otypes, dans des proc\u00e9dures strat\u00e9giques plus ou moins intelligentes et en attendant que, d&rsquo;une mani\u00e8re ou d&rsquo;une autre, et t\u00f4t ou tard, les vraies qualit\u00e9s appara\u00eetront, quelqu&rsquo;un les reconna\u00eetra et tout commencera \u00e0 changer.<\/p>\n<p>Ainsi, aujourd&rsquo;hui, et depuis des ann\u00e9es, des livres d&rsquo;auto-assistance ont \u00e9t\u00e9 lus avec toutes sortes de m\u00e9thodes et de strat\u00e9gies, des coachs sont embauch\u00e9s pour avancer et s&rsquo;engager sur certaines lignes d&rsquo;action et des proc\u00e9dures ajust\u00e9es \u00e0 une logique r\u00e9aliste sont suivies, parfois combin\u00e9es avec le exercices de visualisation des \u00e9l\u00e9ments pr\u00e9sents ou futurs qui pourraient se mat\u00e9rialiser. Et je ne serai pas celui qui dira qu&rsquo;ils ne fonctionnent pas, car ils le font probablement.<\/p>\n<p>Au lieu de cela, les mythologies grecque et romaine antiques, \u00e0 travers leurs dieux, repr\u00e9sentaient les diff\u00e9rentes forces alchimiques, en fait biochimiques, qui sous-tendent la nature humaine, c&rsquo;est-\u00e0-dire dans son organisation physique: lisez les neurotransmetteurs, les hormones, les impulsions nerveuses, etc. De telle sorte que Had\u00e8s ou Pluton, dieu de l&rsquo;enfer et des mondes obscurs, pourrait avoir un certain parall\u00e8le avec les d\u00e9ficits de recapture de la s\u00e9rotonine chez les personnes qui souffrent de d\u00e9pression et au contraire, la force de Zeus ou de Jupiter et leur capacit\u00e9 de \u00ab\u00a0lancer des rayons\u00a0\u00bb de mani\u00e8re parfois arbitraire pour an\u00e9antir ou r\u00e9veiller \u00ab\u00a0les autres\u00a0\u00bb, on pourrait le rattacher \u00e0 la r\u00e9cup\u00e9ration de l&rsquo;\u00e9quilibre biochimique du cerveau gr\u00e2ce \u00e0 la g\u00e9n\u00e9ration d&rsquo;endorphines de mani\u00e8re massive et continue.<\/p>\n<p>Le fait est que derri\u00e8re toutes les connaissances ancestrales recueillies dans les diff\u00e9rentes traditions mythologiques, religieuses et mystiques, il y a des cl\u00e9s d&rsquo;intervention pratique pour aider \u00e0 produire des changements dans les circonstances de blocage et de paralysie chez les personnes.<\/p>\n<p>Par contre, pendant des ann\u00e9es, je me suis consacr\u00e9, parall\u00e8lement \u00e0 ma formation de psychologue et analyste jungien, \u00e0 la lecture et \u00e0 l&rsquo;\u00e9tude de certains textes philosophiques ou mystiques, comme la Bible, le I Ching, la Bhagavad-g\u012bt\u0101, \u00e0 lire sur le tao\u00efsme, le bouddhisme, Alchimie chr\u00e9tienne, ainsi que des essais sur la pratique des traditions ancestrales dans tous les aspects li\u00e9s aux processus de lib\u00e9ration.<\/p>\n<p>J&rsquo;ai toujours \u00e9t\u00e9 int\u00e9ress\u00e9 \u00e0 d\u00e9couvrir les cl\u00e9s m\u00e9taphoriques et symboliques de ce qui aujourd&rsquo;hui pouvait \u00eatre traduit en noms clairement scientifiques.<\/p>\n<p>La science, telle que nous la connaissons aujourd&rsquo;hui, n&rsquo;est rien de plus que le point culminant d&rsquo;une connaissance qui pendant des si\u00e8cles s&rsquo;est d\u00e9velopp\u00e9e par d&rsquo;autres canaux, principalement par la contemplation, la m\u00e9ditation, \u00abl&rsquo;incubation\u00bb et les essais et erreurs \u00e0 son niveau. plus exp\u00e9rimental.<\/p>\n<p id=\"tw-target-text\" class=\"tw-data-text tw-text-large XcVN5d tw-ta\" dir=\"ltr\" data-placeholder=\"Traducci\u00f3n\"><span lang=\"fr\">Le fait est qu&rsquo;aujourd&rsquo;hui les rituels bas\u00e9s sur l&rsquo;utilisation de substances comme l&rsquo;ayahuasca sont en vogue, dans une moindre mesure avec le peyotl, et ce afin d&rsquo;acc\u00e9der, soi-disant, \u00e0 des niveaux \u00e9lev\u00e9s de connaissance de soi et de conscience. Mais ma question a toujours \u00e9t\u00e9, et c&rsquo;est quelque chose que je me suis demand\u00e9, est-il possible de r\u00e9aliser, chez des personnes en bonne sant\u00e9 et sans risque psychique, transe ou \u00e9tats de dissolution sans l&rsquo;utilisation d&rsquo;hallucinog\u00e8nes? Et ma r\u00e9ponse est oui, en plus, je crois que vous pouvez atteindre cet \u00e9tat sans perdre conscience et avoir une clart\u00e9 \u00e0 tout moment sur ce que vous vivez.<\/span><\/p>\n<p>Il s&rsquo;agit fondamentalement d&rsquo;activer la personne par la musique, le mouvement et la respiration, ainsi que de la r\u00e9unifier plus tard par le silence, l&rsquo;ordre et la canalisation des \u00e9nergies d\u00e9bloqu\u00e9es. C&rsquo;est fondamentalement un travail psychocorporel destin\u00e9 aux personnes psychologiquement saines, c&rsquo;est-\u00e0-dire qu&rsquo;elles ne pr\u00e9sentent aucun type de trait de vuln\u00e9rabilit\u00e9 psychique avant cette proc\u00e9dure, et qui souhaitent atteindre une plus grande conscience et libert\u00e9 de mani\u00e8re plus visc\u00e9rale et directe, ainsi qu&rsquo;une forte d\u00e9termination dans ciblez vos objectifs de vie.<\/p>\n<h2 style=\"color: #660000; text-align: center;\">A qui s&rsquo;adresse cette proc\u00e9dure?<\/h2>\n<p>Tout d&rsquo;abord, il faut dire que c&rsquo;est un processus \u00abnon th\u00e9rapeutique\u00bb, donc ce n&rsquo;est pas un traitement psychologique pour un trouble ou un probl\u00e8me mental ou \u00e9motionnel. Cela dit, il s&rsquo;adresse \u00e0 toutes ces personnes, d&rsquo;\u00e2ge l\u00e9gal, qui, dans des conditions de stabilit\u00e9 mentale et \u00e9motionnelle ad\u00e9quates, veulent se lib\u00e9rer des blocages, des peurs, de la culpabilit\u00e9 irrationnelle, des inhibitions, des ins\u00e9curit\u00e9s, de la faible estime de soi, du manque d&rsquo;audace et de courage, pour pouvoir ainsi se positionner de mani\u00e8re vitale, au niveau biosocial, de mani\u00e8re plus forte, plus ferme et plus d\u00e9cisive.<\/p>\n<div class=\"jhH5U\">\n<div id=\"tw-ob\" class=\"tw-src-ltr\">\n<div class=\"oSioSc\">\n<div id=\"tw-target\">\n<div id=\"kAz1tf\" class=\"g9WsWb\">\n<div id=\"tw-target-text-container\" class=\"tw-ta-container hide-focus-ring tw-nfl\" tabindex=\"0\">\n<p id=\"tw-target-text\" class=\"tw-data-text tw-text-large XcVN5d tw-ta\" dir=\"ltr\" data-placeholder=\"Traducci\u00f3n\"><span lang=\"fr\">Pour acc\u00e9der \u00e0 ce type d&rsquo;activit\u00e9, il sera indispensable de r\u00e9aliser au pr\u00e9alable un ou deux entretiens dans lesquels les circonstances vitales, psychologiques et \u00e9motionnelles du patient seront analys\u00e9es et, s&rsquo;il est jug\u00e9 appropri\u00e9 d&rsquo;acc\u00e9der \u00e0 ce travail psycho-corporel, il sera expliqu\u00e9 de mani\u00e8re exhaustive. ce qui sera fait et ce qu&rsquo;on peut en attendre.<\/span><\/p>\n<\/div>\n<\/div>\n<\/div>\n<\/div>\n<\/div>\n<\/div>\n<p>Le paiement se fera par sessions, il n&rsquo;y aura donc aucun engagement de continuit\u00e9.<\/p>\n<p id=\"tw-target-text\" class=\"tw-data-text tw-text-large XcVN5d tw-ta\" dir=\"ltr\" data-placeholder=\"Traducci\u00f3n\"><span lang=\"fr\">Les s\u00e9ances seront en face \u00e0 face et, pour l&rsquo;instant, individuelles.<\/span><\/p>\n<p>&nbsp;<\/p>\n<h3 style=\"text-align: center;\">Contact<\/h3>\n<p style=\"text-align: center;\">\n<div class=\"wpcf7 no-js\" id=\"wpcf7-f20-o1\" lang=\"es-ES\" dir=\"ltr\" data-wpcf7-id=\"20\">\n<div class=\"screen-reader-response\"><p role=\"status\" aria-live=\"polite\" aria-atomic=\"true\"><\/p> <ul><\/ul><\/div>\n<form action=\"\/fr\/wp-json\/wp\/v2\/pages\/728#wpcf7-f20-o1\" method=\"post\" class=\"wpcf7-form init wpcf7-acceptance-as-validation\" aria-label=\"Formulario de contacto\" novalidate=\"novalidate\" data-status=\"init\">\n<fieldset class=\"hidden-fields-container\"><input type=\"hidden\" name=\"_wpcf7\" value=\"20\" \/><input type=\"hidden\" name=\"_wpcf7_version\" value=\"6.1.5\" \/><input type=\"hidden\" name=\"_wpcf7_locale\" value=\"es_ES\" \/><input type=\"hidden\" name=\"_wpcf7_unit_tag\" value=\"wpcf7-f20-o1\" \/><input type=\"hidden\" name=\"_wpcf7_container_post\" value=\"0\" \/><input type=\"hidden\" name=\"_wpcf7_posted_data_hash\" value=\"\" \/>\n<\/fieldset>\n<div class=\"one-half\">\n\t<p><label> <span class=\"wpcf7-form-control-wrap\" data-name=\"your-name\"><input size=\"40\" maxlength=\"400\" class=\"wpcf7-form-control wpcf7-text wpcf7-validates-as-required\" aria-required=\"true\" aria-invalid=\"false\" placeholder=\"Nombre\" value=\"\" type=\"text\" name=\"your-name\" \/><\/span> <\/label>\n\t<\/p>\n<\/div>\n<div class=\"one-half last\">\n\t<p><label> <span class=\"wpcf7-form-control-wrap\" data-name=\"your-email\"><input size=\"40\" maxlength=\"400\" class=\"wpcf7-form-control wpcf7-email wpcf7-validates-as-required wpcf7-text wpcf7-validates-as-email\" aria-required=\"true\" aria-invalid=\"false\" placeholder=\"Email\" value=\"\" type=\"email\" name=\"your-email\" \/><\/span> <\/label>\n\t<\/p>\n<\/div>\n<div class=\"one-half\">\n\t<p><label> <span class=\"wpcf7-form-control-wrap\" data-name=\"your-subject\"><input size=\"40\" maxlength=\"400\" class=\"wpcf7-form-control wpcf7-text\" aria-invalid=\"false\" placeholder=\"Asunto\" value=\"\" type=\"text\" name=\"your-subject\" \/><\/span> <\/label>\n\t<\/p>\n<\/div>\n<div class=\"one-half last\">\n\t<p><label> <span class=\"wpcf7-form-control-wrap\" data-name=\"tel-503\"><input size=\"40\" maxlength=\"400\" class=\"wpcf7-form-control wpcf7-tel wpcf7-validates-as-required wpcf7-text wpcf7-validates-as-tel\" aria-required=\"true\" aria-invalid=\"false\" placeholder=\"Tel\u00e9fono\" value=\"\" type=\"tel\" name=\"tel-503\" \/><\/span> <\/label>\n\t<\/p>\n<\/div>\n<p><label> <span class=\"wpcf7-form-control-wrap\" data-name=\"your-message\"><textarea cols=\"40\" rows=\"10\" maxlength=\"2000\" class=\"wpcf7-form-control wpcf7-textarea\" aria-invalid=\"false\" placeholder=\"Mensaje\" name=\"your-message\"><\/textarea><\/span> <\/label>\n<\/p>\n<p><label> <span class=\"wpcf7-form-control-wrap\" data-name=\"acceptance-902\"><span class=\"wpcf7-form-control wpcf7-acceptance\"><span class=\"wpcf7-list-item\"><input type=\"checkbox\" name=\"acceptance-902\" value=\"1\" aria-invalid=\"false\" \/><\/span><\/span><\/span> He le\u00eddo y acepto la<br \/>\n<a href=\"https:\/\/weberas.com\/politica-de-privacidad\/\">pol\u00edtica de privacidad<\/a><\/label>\n<\/p>\n<p><input class=\"wpcf7-form-control wpcf7-submit has-spinner\" type=\"submit\" value=\"Enviar\" \/>\n<\/p><div class=\"wpcf7-response-output\" aria-hidden=\"true\"><\/div>\n<\/form>\n<\/div>\n","protected":false},"excerpt":{"rendered":"<p>Libert\u00e9 et \u00e9volution (proc\u00e9dure) \u00abLorsque la rationalit\u00e9 est vraiment combin\u00e9e \u00e0 l&rsquo;irrationalit\u00e9, nous commen\u00e7ons \u00e0 aller au-del\u00e0 des deux. Puis [&hellip;]<\/p>\n","protected":false},"author":4,"featured_media":472,"parent":0,"menu_order":0,"comment_status":"closed","ping_status":"closed","template":"","meta":{"_uag_custom_page_level_css":"","site-sidebar-layout":"default","site-content-layout":"","ast-site-content-layout":"default","site-content-style":"default","site-sidebar-style":"default","ast-global-header-display":"","ast-banner-title-visibility":"","ast-main-header-display":"","ast-hfb-above-header-display":"","ast-hfb-below-header-display":"","ast-hfb-mobile-header-display":"","site-post-title":"","ast-breadcrumbs-content":"","ast-featured-img":"","footer-sml-layout":"","theme-transparent-header-meta":"default","adv-header-id-meta":"","stick-header-meta":"","header-above-stick-meta":"","header-main-stick-meta":"","header-below-stick-meta":"","astra-migrate-meta-layouts":"default","ast-page-background-enabled":"default","ast-page-background-meta":{"desktop":{"background-color":"var(--ast-global-color-4)","background-image":"","background-repeat":"repeat","background-position":"center center","background-size":"auto","background-attachment":"scroll","background-type":"","background-media":"","overlay-type":"","overlay-color":"","overlay-opacity":"","overlay-gradient":""},"tablet":{"background-color":"","background-image":"","background-repeat":"repeat","background-position":"center center","background-size":"auto","background-attachment":"scroll","background-type":"","background-media":"","overlay-type":"","overlay-color":"","overlay-opacity":"","overlay-gradient":""},"mobile":{"background-color":"","background-image":"","background-repeat":"repeat","background-position":"center center","background-size":"auto","background-attachment":"scroll","background-type":"","background-media":"","overlay-type":"","overlay-color":"","overlay-opacity":"","overlay-gradient":""}},"ast-content-background-meta":{"desktop":{"background-color":"var(--ast-global-color-5)","background-image":"","background-repeat":"repeat","background-position":"center center","background-size":"auto","background-attachment":"scroll","background-type":"","background-media":"","overlay-type":"","overlay-color":"","overlay-opacity":"","overlay-gradient":""},"tablet":{"background-color":"var(--ast-global-color-5)","background-image":"","background-repeat":"repeat","background-position":"center center","background-size":"auto","background-attachment":"scroll","background-type":"","background-media":"","overlay-type":"","overlay-color":"","overlay-opacity":"","overlay-gradient":""},"mobile":{"background-color":"var(--ast-global-color-5)","background-image":"","background-repeat":"repeat","background-position":"center center","background-size":"auto","background-attachment":"scroll","background-type":"","background-media":"","overlay-type":"","overlay-color":"","overlay-opacity":"","overlay-gradient":""}},"footnotes":""},"class_list":["post-728","page","type-page","status-publish","has-post-thumbnail","hentry"],"yoast_head":"<!-- This site is optimized with the Yoast SEO plugin v27.5 - https:\/\/yoast.com\/product\/yoast-seo-wordpress\/ -->\n<title>Libert\u00e9 et \u00e9volution - Dami\u00e1n Ruiz<\/title>\n<meta name=\"robots\" content=\"index, follow, max-snippet:-1, max-image-preview:large, max-video-preview:-1\" \/>\n<link rel=\"canonical\" href=\"https:\/\/damianruiz.eu\/libertad-y-evolucion\/\" \/>\n<meta property=\"og:locale\" content=\"fr_FR\" \/>\n<meta property=\"og:type\" content=\"article\" \/>\n<meta property=\"og:title\" content=\"Libert\u00e9 et \u00e9volution - Dami\u00e1n Ruiz\" \/>\n<meta property=\"og:description\" content=\"Libert\u00e9 et \u00e9volution (proc\u00e9dure) \u00abLorsque la rationalit\u00e9 est vraiment combin\u00e9e \u00e0 l&rsquo;irrationalit\u00e9, nous commen\u00e7ons \u00e0 aller au-del\u00e0 des deux. Puis [&hellip;]\" \/>\n<meta property=\"og:url\" content=\"https:\/\/damianruiz.eu\/libertad-y-evolucion\/\" \/>\n<meta property=\"og:site_name\" content=\"Dami\u00e1n Ruiz\" \/>\n<meta property=\"article:modified_time\" content=\"2021-05-31T18:38:11+00:00\" \/>\n<meta property=\"og:image\" content=\"https:\/\/damianruiz.eu\/wp-content\/uploads\/2020\/08\/Libertad-y-Evoluci\u00f3n.jpg\" \/>\n\t<meta property=\"og:image:width\" content=\"1280\" \/>\n\t<meta property=\"og:image:height\" content=\"960\" \/>\n\t<meta property=\"og:image:type\" content=\"image\/jpeg\" \/>\n<meta name=\"twitter:card\" content=\"summary_large_image\" \/>\n<meta name=\"twitter:label1\" content=\"Dur\u00e9e de lecture estim\u00e9e\" \/>\n\t<meta name=\"twitter:data1\" content=\"5 minutes\" \/>\n<script type=\"application\/ld+json\" class=\"yoast-schema-graph\">{\"@context\":\"https:\\\/\\\/schema.org\",\"@graph\":[{\"@type\":\"WebPage\",\"@id\":\"https:\\\/\\\/damianruiz.eu\\\/libertad-y-evolucion\\\/\",\"url\":\"https:\\\/\\\/damianruiz.eu\\\/libertad-y-evolucion\\\/\",\"name\":\"Libert\u00e9 et \u00e9volution - Dami\u00e1n Ruiz\",\"isPartOf\":{\"@id\":\"https:\\\/\\\/damianruiz.eu\\\/#website\"},\"primaryImageOfPage\":{\"@id\":\"https:\\\/\\\/damianruiz.eu\\\/libertad-y-evolucion\\\/#primaryimage\"},\"image\":{\"@id\":\"https:\\\/\\\/damianruiz.eu\\\/libertad-y-evolucion\\\/#primaryimage\"},\"thumbnailUrl\":\"https:\\\/\\\/damianruiz.eu\\\/wp-content\\\/uploads\\\/2020\\\/08\\\/Libertad-y-Evoluci\u00f3n.jpg\",\"datePublished\":\"2020-08-20T20:34:10+00:00\",\"dateModified\":\"2021-05-31T18:38:11+00:00\",\"breadcrumb\":{\"@id\":\"https:\\\/\\\/damianruiz.eu\\\/libertad-y-evolucion\\\/#breadcrumb\"},\"inLanguage\":\"fr-FR\",\"potentialAction\":[{\"@type\":\"ReadAction\",\"target\":[\"https:\\\/\\\/damianruiz.eu\\\/libertad-y-evolucion\\\/\"]}]},{\"@type\":\"ImageObject\",\"inLanguage\":\"fr-FR\",\"@id\":\"https:\\\/\\\/damianruiz.eu\\\/libertad-y-evolucion\\\/#primaryimage\",\"url\":\"https:\\\/\\\/damianruiz.eu\\\/wp-content\\\/uploads\\\/2020\\\/08\\\/Libertad-y-Evoluci\u00f3n.jpg\",\"contentUrl\":\"https:\\\/\\\/damianruiz.eu\\\/wp-content\\\/uploads\\\/2020\\\/08\\\/Libertad-y-Evoluci\u00f3n.jpg\",\"width\":1280,\"height\":960},{\"@type\":\"BreadcrumbList\",\"@id\":\"https:\\\/\\\/damianruiz.eu\\\/libertad-y-evolucion\\\/#breadcrumb\",\"itemListElement\":[{\"@type\":\"ListItem\",\"position\":1,\"name\":\"Portada\",\"item\":\"https:\\\/\\\/damianruiz.eu\\\/fr\\\/\"},{\"@type\":\"ListItem\",\"position\":2,\"name\":\"Libert\u00e9 et \u00e9volution\"}]},{\"@type\":\"WebSite\",\"@id\":\"https:\\\/\\\/damianruiz.eu\\\/#website\",\"url\":\"https:\\\/\\\/damianruiz.eu\\\/\",\"name\":\"Dami\u00e1n Ruiz\",\"description\":\"Licenciado y Postgraduado en Psicolog\u00eda por la Universidad de Barcelona.\",\"publisher\":{\"@id\":\"https:\\\/\\\/damianruiz.eu\\\/#organization\"},\"potentialAction\":[{\"@type\":\"SearchAction\",\"target\":{\"@type\":\"EntryPoint\",\"urlTemplate\":\"https:\\\/\\\/damianruiz.eu\\\/?s={search_term_string}\"},\"query-input\":{\"@type\":\"PropertyValueSpecification\",\"valueRequired\":true,\"valueName\":\"search_term_string\"}}],\"inLanguage\":\"fr-FR\"},{\"@type\":\"Organization\",\"@id\":\"https:\\\/\\\/damianruiz.eu\\\/#organization\",\"name\":\"Dami\u00e1n Ruiz\",\"url\":\"https:\\\/\\\/damianruiz.eu\\\/\",\"logo\":{\"@type\":\"ImageObject\",\"inLanguage\":\"fr-FR\",\"@id\":\"https:\\\/\\\/damianruiz.eu\\\/#\\\/schema\\\/logo\\\/image\\\/\",\"url\":\"https:\\\/\\\/damianruiz.eu\\\/wp-content\\\/uploads\\\/2024\\\/04\\\/cropped-logo-2024-damian-ruiz-233.png\",\"contentUrl\":\"https:\\\/\\\/damianruiz.eu\\\/wp-content\\\/uploads\\\/2024\\\/04\\\/cropped-logo-2024-damian-ruiz-233.png\",\"width\":233,\"height\":60,\"caption\":\"Dami\u00e1n Ruiz\"},\"image\":{\"@id\":\"https:\\\/\\\/damianruiz.eu\\\/#\\\/schema\\\/logo\\\/image\\\/\"}}]}<\/script>\n<!-- \/ Yoast SEO plugin. -->","yoast_head_json":{"title":"Libert\u00e9 et \u00e9volution - Dami\u00e1n Ruiz","robots":{"index":"index","follow":"follow","max-snippet":"max-snippet:-1","max-image-preview":"max-image-preview:large","max-video-preview":"max-video-preview:-1"},"canonical":"https:\/\/damianruiz.eu\/libertad-y-evolucion\/","og_locale":"fr_FR","og_type":"article","og_title":"Libert\u00e9 et \u00e9volution - Dami\u00e1n Ruiz","og_description":"Libert\u00e9 et \u00e9volution (proc\u00e9dure) \u00abLorsque la rationalit\u00e9 est vraiment combin\u00e9e \u00e0 l&rsquo;irrationalit\u00e9, nous commen\u00e7ons \u00e0 aller au-del\u00e0 des deux. Puis [&hellip;]","og_url":"https:\/\/damianruiz.eu\/libertad-y-evolucion\/","og_site_name":"Dami\u00e1n Ruiz","article_modified_time":"2021-05-31T18:38:11+00:00","og_image":[{"width":1280,"height":960,"url":"https:\/\/damianruiz.eu\/wp-content\/uploads\/2020\/08\/Libertad-y-Evoluci\u00f3n.jpg","type":"image\/jpeg"}],"twitter_card":"summary_large_image","twitter_misc":{"Dur\u00e9e de lecture estim\u00e9e":"5 minutes"},"schema":{"@context":"https:\/\/schema.org","@graph":[{"@type":"WebPage","@id":"https:\/\/damianruiz.eu\/libertad-y-evolucion\/","url":"https:\/\/damianruiz.eu\/libertad-y-evolucion\/","name":"Libert\u00e9 et \u00e9volution - Dami\u00e1n Ruiz","isPartOf":{"@id":"https:\/\/damianruiz.eu\/#website"},"primaryImageOfPage":{"@id":"https:\/\/damianruiz.eu\/libertad-y-evolucion\/#primaryimage"},"image":{"@id":"https:\/\/damianruiz.eu\/libertad-y-evolucion\/#primaryimage"},"thumbnailUrl":"https:\/\/damianruiz.eu\/wp-content\/uploads\/2020\/08\/Libertad-y-Evoluci\u00f3n.jpg","datePublished":"2020-08-20T20:34:10+00:00","dateModified":"2021-05-31T18:38:11+00:00","breadcrumb":{"@id":"https:\/\/damianruiz.eu\/libertad-y-evolucion\/#breadcrumb"},"inLanguage":"fr-FR","potentialAction":[{"@type":"ReadAction","target":["https:\/\/damianruiz.eu\/libertad-y-evolucion\/"]}]},{"@type":"ImageObject","inLanguage":"fr-FR","@id":"https:\/\/damianruiz.eu\/libertad-y-evolucion\/#primaryimage","url":"https:\/\/damianruiz.eu\/wp-content\/uploads\/2020\/08\/Libertad-y-Evoluci\u00f3n.jpg","contentUrl":"https:\/\/damianruiz.eu\/wp-content\/uploads\/2020\/08\/Libertad-y-Evoluci\u00f3n.jpg","width":1280,"height":960},{"@type":"BreadcrumbList","@id":"https:\/\/damianruiz.eu\/libertad-y-evolucion\/#breadcrumb","itemListElement":[{"@type":"ListItem","position":1,"name":"Portada","item":"https:\/\/damianruiz.eu\/fr\/"},{"@type":"ListItem","position":2,"name":"Libert\u00e9 et \u00e9volution"}]},{"@type":"WebSite","@id":"https:\/\/damianruiz.eu\/#website","url":"https:\/\/damianruiz.eu\/","name":"Dami\u00e1n Ruiz","description":"Licenciado y Postgraduado en Psicolog\u00eda por la Universidad de Barcelona.","publisher":{"@id":"https:\/\/damianruiz.eu\/#organization"},"potentialAction":[{"@type":"SearchAction","target":{"@type":"EntryPoint","urlTemplate":"https:\/\/damianruiz.eu\/?s={search_term_string}"},"query-input":{"@type":"PropertyValueSpecification","valueRequired":true,"valueName":"search_term_string"}}],"inLanguage":"fr-FR"},{"@type":"Organization","@id":"https:\/\/damianruiz.eu\/#organization","name":"Dami\u00e1n Ruiz","url":"https:\/\/damianruiz.eu\/","logo":{"@type":"ImageObject","inLanguage":"fr-FR","@id":"https:\/\/damianruiz.eu\/#\/schema\/logo\/image\/","url":"https:\/\/damianruiz.eu\/wp-content\/uploads\/2024\/04\/cropped-logo-2024-damian-ruiz-233.png","contentUrl":"https:\/\/damianruiz.eu\/wp-content\/uploads\/2024\/04\/cropped-logo-2024-damian-ruiz-233.png","width":233,"height":60,"caption":"Dami\u00e1n Ruiz"},"image":{"@id":"https:\/\/damianruiz.eu\/#\/schema\/logo\/image\/"}}]}},"uagb_featured_image_src":{"full":["https:\/\/damianruiz.eu\/wp-content\/uploads\/2020\/08\/Libertad-y-Evoluci\u00f3n.jpg",1280,960,false],"thumbnail":["https:\/\/damianruiz.eu\/wp-content\/uploads\/2020\/08\/Libertad-y-Evoluci\u00f3n-150x150.jpg",150,150,true],"medium":["https:\/\/damianruiz.eu\/wp-content\/uploads\/2020\/08\/Libertad-y-Evoluci\u00f3n-300x225.jpg",300,225,true],"medium_large":["https:\/\/damianruiz.eu\/wp-content\/uploads\/2020\/08\/Libertad-y-Evoluci\u00f3n-768x576.jpg",768,576,true],"large":["https:\/\/damianruiz.eu\/wp-content\/uploads\/2020\/08\/Libertad-y-Evoluci\u00f3n-1024x768.jpg",1024,768,true],"1536x1536":["https:\/\/damianruiz.eu\/wp-content\/uploads\/2020\/08\/Libertad-y-Evoluci\u00f3n.jpg",1280,960,false],"2048x2048":["https:\/\/damianruiz.eu\/wp-content\/uploads\/2020\/08\/Libertad-y-Evoluci\u00f3n.jpg",1280,960,false]},"uagb_author_info":{"display_name":"Dami\u00e1n Ruiz","author_link":"https:\/\/damianruiz.eu\/fr\/author\/damianruiz\/"},"uagb_comment_info":0,"uagb_excerpt":"Libert\u00e9 et \u00e9volution (proc\u00e9dure) \u00abLorsque la rationalit\u00e9 est vraiment combin\u00e9e \u00e0 l&rsquo;irrationalit\u00e9, nous commen\u00e7ons \u00e0 aller au-del\u00e0 des deux. Puis [&hellip;]","_links":{"self":[{"href":"https:\/\/damianruiz.eu\/fr\/wp-json\/wp\/v2\/pages\/728","targetHints":{"allow":["GET"]}}],"collection":[{"href":"https:\/\/damianruiz.eu\/fr\/wp-json\/wp\/v2\/pages"}],"about":[{"href":"https:\/\/damianruiz.eu\/fr\/wp-json\/wp\/v2\/types\/page"}],"author":[{"embeddable":true,"href":"https:\/\/damianruiz.eu\/fr\/wp-json\/wp\/v2\/users\/4"}],"replies":[{"embeddable":true,"href":"https:\/\/damianruiz.eu\/fr\/wp-json\/wp\/v2\/comments?post=728"}],"version-history":[{"count":2,"href":"https:\/\/damianruiz.eu\/fr\/wp-json\/wp\/v2\/pages\/728\/revisions"}],"predecessor-version":[{"id":983,"href":"https:\/\/damianruiz.eu\/fr\/wp-json\/wp\/v2\/pages\/728\/revisions\/983"}],"wp:featuredmedia":[{"embeddable":true,"href":"https:\/\/damianruiz.eu\/fr\/wp-json\/wp\/v2\/media\/472"}],"wp:attachment":[{"href":"https:\/\/damianruiz.eu\/fr\/wp-json\/wp\/v2\/media?parent=728"}],"curies":[{"name":"wp","href":"https:\/\/api.w.org\/{rel}","templated":true}]}}